{"id":909,"date":"2023-10-23T10:40:45","date_gmt":"2023-10-23T08:40:45","guid":{"rendered":"https:\/\/electricaestabliments.com\/wer-wir-sind\/"},"modified":"2024-08-23T12:56:22","modified_gmt":"2024-08-23T10:56:22","slug":"wer-wir-sind","status":"publish","type":"page","link":"https:\/\/electricaestabliments.com\/de\/wer-wir-sind\/","title":{"rendered":"Wer wir sind"},"content":{"rendered":"<p>[et_pb_section fb_built=&#8220;1&#8243; custom_padding_last_edited=&#8220;on|phone&#8220; admin_label=&#8220;Banner Contacto&#8220; _builder_version=&#8220;4.23&#8243; _module_preset=&#8220;default&#8220; background_color=&#8220;rgba(0,0,0,0.2)&#8220; background_image=&#8220;https:\/\/electricaestabliments.com\/wp-content\/uploads\/2023\/11\/pexels-los-muertos-crew-8853502-scaled.jpg&#8220; background_blend=&#8220;multiply&#8220; custom_padding=&#8220;160px||160px||true|false&#8220; custom_padding_tablet=&#8220;60px||60px||true|false&#8220; custom_padding_phone=&#8220;80px||80px||true|false&#8220; saved_tabs=&#8220;all&#8220; locked=&#8220;off&#8220; collapsed=&#8220;on&#8220; global_colors_info=&#8220;{}&#8220;][et_pb_row _builder_version=&#8220;4.20.4&#8243; _module_preset=&#8220;default&#8220; locked=&#8220;off&#8220; global_colors_info=&#8220;{}&#8220;][et_pb_column type=&#8220;4_4&#8243; _builder_version=&#8220;4.20.4&#8243; _module_preset=&#8220;default&#8220; global_colors_info=&#8220;{}&#8220;][et_pb_text _builder_version=&#8220;4.20.4&#8243; _module_preset=&#8220;default&#8220; header_3_font=&#8220;IBM Plex Sans||||||||&#8220; header_3_text_color=&#8220;#FFFFFF&#8220; header_3_font_size=&#8220;12px&#8220; header_3_letter_spacing=&#8220;2px&#8220; custom_margin=&#8220;||5px||false|false&#8220; global_colors_info=&#8220;{}&#8220;]<\/p>\n<h3 style=\"text-align: center;\">\u00dcBER UNS<\/h3>\n<p>[\/et_pb_text][et_pb_text _builder_version=&#8220;4.23&#8243; _module_preset=&#8220;default&#8220; text_font=&#8220;Varela|300|||||||&#8220; text_text_color=&#8220;#FFFFFF&#8220; text_font_size=&#8220;24px&#8220; text_letter_spacing=&#8220;-1px&#8220; text_line_height=&#8220;1.1em&#8220; header_font=&#8220;IBM Plex Sans|300|||||||&#8220; header_text_align=&#8220;center&#8220; header_text_color=&#8220;#FFFFFF&#8220; header_font_size=&#8220;42px&#8220; header_2_font=&#8220;IBM Plex Sans|300|||||||&#8220; header_2_text_color=&#8220;#FFFFFF&#8220; header_2_font_size=&#8220;42px&#8220; header_2_line_height=&#8220;1.2em&#8220; max_width=&#8220;900px&#8220; module_alignment=&#8220;center&#8220; custom_margin=&#8220;5px||5px||false|false&#8220; custom_margin_tablet=&#8220;15px||15px||true|false&#8220; custom_margin_phone=&#8220;15px||15px||true|false&#8220; custom_margin_last_edited=&#8220;on|tablet&#8220; custom_padding=&#8220;5px||||false|false&#8220; text_font_size_tablet=&#8220;32px&#8220; text_font_size_phone=&#8220;22px&#8220; text_font_size_last_edited=&#8220;off|desktop&#8220; header_font_size_tablet=&#8220;32px&#8220; header_font_size_phone=&#8220;28px&#8220; header_font_size_last_edited=&#8220;on|desktop&#8220; header_2_font_size_tablet=&#8220;22px&#8220; header_2_font_size_phone=&#8220;22px&#8220; header_2_font_size_last_edited=&#8220;on|phone&#8220; global_colors_info=&#8220;{}&#8220;]<\/p>\n<h1 style=\"text-align: center;\">Die Bedeutung des Aufbaus starker Verbindungen im Bereich der <strong>Elektroinstallationen auf Mallorca<\/strong><\/h1>\n<p>[\/et_pb_text][\/et_pb_column][\/et_pb_row][\/et_pb_section][et_pb_section fb_built=&#8220;1&#8243; admin_label=&#8220;Empresa Cobi Balear&#8220; module_id=&#8220;Werwirsind&#8220; _builder_version=&#8220;4.20.4&#8243; background_color=&#8220;#FFFFFF&#8220; background_enable_image=&#8220;off&#8220; background_size=&#8220;initial&#8220; background_position=&#8220;top_left&#8220; background_horizontal_offset=&#8220;50%&#8220; background_vertical_offset=&#8220;50%&#8220; background_repeat=&#8220;repeat&#8220; custom_padding=&#8220;80px||80px||true|false&#8220; global_colors_info=&#8220;{}&#8220;][et_pb_row use_custom_gutter=&#8220;on&#8220; gutter_width=&#8220;2&#8243; make_equal=&#8220;on&#8220; custom_padding_last_edited=&#8220;on|phone&#8220; _builder_version=&#8220;4.23&#8243; background_enable_color=&#8220;off&#8220; width=&#8220;90%&#8220; max_width=&#8220;1280px&#8220; module_alignment=&#8220;center&#8220; custom_padding=&#8220;35px|50px|35px|50px|true|true&#8220; custom_padding_tablet=&#8220;65px|5px|65px|5px|false|true&#8220; custom_padding_phone=&#8220;65px|2px|65px|2px|false|true&#8220; border_color_all=&#8220;RGBA(255,255,255,0)&#8220; border_width_all_tablet=&#8220;0px&#8220; border_width_all_phone=&#8220;0px&#8220; border_width_all_last_edited=&#8220;on|phone&#8220; locked=&#8220;off&#8220; global_colors_info=&#8220;{}&#8220;][et_pb_column type=&#8220;4_4&#8243; _builder_version=&#8220;4.20.4&#8243; global_colors_info=&#8220;{}&#8220;][et_pb_image src=&#8220;https:\/\/electricaestabliments.com\/wp-content\/uploads\/2023\/10\/cropped-Favicon-Electrica-Establiments.jpg&#8220; title_text=&#8220;cropped-Favicon-Electrica-Establiments.jpg&#8220; align=&#8220;center&#8220; _builder_version=&#8220;4.27.0&#8243; _module_preset=&#8220;default&#8220; max_width=&#8220;10%&#8220; max_width_tablet=&#8220;10%&#8220; max_width_phone=&#8220;40%&#8220; max_width_last_edited=&#8220;on|phone&#8220; hover_enabled=&#8220;0&#8243; global_colors_info=&#8220;{}&#8220; sticky_enabled=&#8220;0&#8243; alt=&#8220;Electrica-Establiments&#8220;][\/et_pb_image][et_pb_text _builder_version=&#8220;4.20.4&#8243; _module_preset=&#8220;default&#8220; header_3_font=&#8220;Inter||||||||&#8220; header_3_text_color=&#8220;#133D72&#8243; header_3_font_size=&#8220;14px&#8220; header_3_letter_spacing=&#8220;3px&#8220; custom_margin=&#8220;||10px||false|false&#8220; locked=&#8220;off&#8220; global_colors_info=&#8220;{}&#8220;]<\/p>\n<h3 style=\"text-align: center;\">UNSER UNTERNEHMEN<\/h3>\n<p>[\/et_pb_text][et_pb_text _builder_version=&#8220;4.23&#8243; text_font=&#8220;Inter|700|||||||&#8220; text_text_color=&#8220;#0d1742&#8243; text_font_size=&#8220;30px&#8220; text_letter_spacing=&#8220;-1px&#8220; text_line_height=&#8220;1em&#8220; header_2_font=&#8220;IBM Plex Sans|300|||||||&#8220; header_2_font_size=&#8220;38px&#8220; header_3_font=&#8220;Inter||||||||&#8220; header_3_text_color=&#8220;#000000&#8243; header_3_font_size=&#8220;32px&#8220; header_3_line_height=&#8220;1.1em&#8220; text_orientation=&#8220;center&#8220; max_width=&#8220;1024px&#8220; max_width_tablet=&#8220;1024px&#8220; max_width_phone=&#8220;100%&#8220; max_width_last_edited=&#8220;on|phone&#8220; module_alignment=&#8220;center&#8220; custom_margin=&#8220;||||false|false&#8220; header_2_font_size_tablet=&#8220;32px&#8220; header_2_font_size_phone=&#8220;28px&#8220; header_2_font_size_last_edited=&#8220;on|phone&#8220; header_3_font_size_tablet=&#8220;32px&#8220; header_3_font_size_phone=&#8220;20px&#8220; header_3_font_size_last_edited=&#8220;on|phone&#8220; global_colors_info=&#8220;{}&#8220;]<\/p>\n<h2><strong>El\u00e9ctrica Establiments<\/strong> ist ein Elektroinstallationsunternehmen.<\/h2>\n<p>[\/et_pb_text][et_pb_text _builder_version=&#8220;4.20.4&#8243; text_font=&#8220;Inter|300|||||||&#8220; text_text_color=&#8220;#a6a6a6&#8243; text_font_size=&#8220;18px&#8220; text_line_height=&#8220;1.4em&#8220; header_4_font=&#8220;IBM Plex Sans|300|||||||&#8220; header_4_font_size=&#8220;20px&#8220; header_4_line_height=&#8220;1.3em&#8220; text_orientation=&#8220;center&#8220; max_width=&#8220;900px&#8220; module_alignment=&#8220;center&#8220; custom_margin=&#8220;18px||||false|false&#8220; custom_margin_tablet=&#8220;-10px||||false|false&#8220; custom_margin_phone=&#8220;-12px||||false|false&#8220; custom_margin_last_edited=&#8220;on|phone&#8220; custom_padding=&#8220;5px|||||&#8220; text_font_size_tablet=&#8220;&#8220; text_font_size_phone=&#8220;15px&#8220; text_font_size_last_edited=&#8220;on|phone&#8220; header_4_font_size_tablet=&#8220;&#8220; header_4_font_size_phone=&#8220;16px&#8220; header_4_font_size_last_edited=&#8220;on|phone&#8220; inline_fonts=&#8220;cobi-balear&#8220; global_colors_info=&#8220;{}&#8220;]<\/p>\n<h4>Wir sind ein Familienunternehmen, das sich mit elektrischen Niederspannungsinstallationen und T\u00fcrautomatik besch\u00e4ftigt.<\/p>\n<p>Das Unternehmen wurde 1995 gegr\u00fcndet und wird heute von der zweiten Generation gef\u00fchrt, dank des Vertrauens unserer Kunden, das bis heute anh\u00e4lt.<\/p>\n<p>Das gesamte Team von <strong>Electrica Establiments<\/strong> arbeitet mit einem einzigen Ziel: unseren Kunden zufriedenstellende L\u00f6sungen zu bieten. Alle unsere Mitarbeiter sind hoch qualifiziert und sind Spezialisten in ihrem Beruf.<\/h4>\n<p>[\/et_pb_text][et_pb_button button_url=&#8220;#Masinformacion&#8220; button_text=&#8220;Weitere Informationen&#8220; button_alignment=&#8220;center&#8220; _builder_version=&#8220;4.20.4&#8243; _module_preset=&#8220;default&#8220; custom_button=&#8220;on&#8220; button_text_size=&#8220;15px&#8220; button_text_color=&#8220;#FFFFFF&#8220; button_bg_color=&#8220;#B83618&#8243; button_border_width=&#8220;0px&#8220; button_border_color=&#8220;#e02b20&#8243; button_border_radius=&#8220;50px&#8220; button_letter_spacing=&#8220;0px&#8220; button_font=&#8220;IBM Plex Sans|600||on|||||&#8220; button_icon=&#8220;&#x22;||divi||400&#8243; button_on_hover=&#8220;off&#8220; custom_margin=&#8220;50px||0px||false|false&#8220; custom_padding=&#8220;18px|50px|18px|40px|true|false&#8220; animation_style=&#8220;slide&#8220; animation_direction=&#8220;bottom&#8220; animation_delay=&#8220;800ms&#8220; animation_intensity_slide=&#8220;26%&#8220; animation_speed_curve=&#8220;ease&#8220; button_text_size_tablet=&#8220;16px&#8220; button_text_size_phone=&#8220;15px&#8220; button_text_size_last_edited=&#8220;on|phone&#8220; locked=&#8220;off&#8220; global_colors_info=&#8220;{}&#8220; button_text_color__hover_enabled=&#8220;off|desktop&#8220; button_bg_color__hover_enabled=&#8220;on|desktop&#8220; button_bg_color__hover=&#8220;#133D72&#8243; button_bg_enable_color__hover=&#8220;on&#8220; button_border_color__hover_enabled=&#8220;on|hover&#8220; button_border_color__hover=&#8220;#133D72&#8243;][\/et_pb_button][\/et_pb_column][\/et_pb_row][\/et_pb_section][et_pb_section fb_built=&#8220;1&#8243; fullwidth=&#8220;on&#8220; _builder_version=&#8220;4.20.4&#8243; _module_preset=&#8220;default&#8220; background_image=&#8220;https:\/\/electricaestabliments.com\/wp-content\/uploads\/2023\/10\/Captura-de-Pantalla-2023-10-26-a-las-16.35.36.png&#8220; global_colors_info=&#8220;{}&#8220;][et_pb_fullwidth_code _builder_version=&#8220;4.20.4&#8243; _module_preset=&#8220;default&#8220; custom_margin=&#8220;||||false|false&#8220; custom_padding=&#8220;35vh||35vh||true|false&#8220; global_colors_info=&#8220;{}&#8220;][\/et_pb_fullwidth_code][\/et_pb_section][et_pb_section fb_built=&#8220;1&#8243; admin_label=&#8220;Empresa Cobi Balear&#8220; module_id=&#8220;Werwirsind&#8220; _builder_version=&#8220;4.20.4&#8243; background_color=&#8220;#FFFFFF&#8220; background_enable_image=&#8220;off&#8220; background_size=&#8220;initial&#8220; background_position=&#8220;top_left&#8220; background_horizontal_offset=&#8220;50%&#8220; background_vertical_offset=&#8220;50%&#8220; background_repeat=&#8220;repeat&#8220; custom_padding=&#8220;80px||80px||true|false&#8220; global_colors_info=&#8220;{}&#8220;][et_pb_row column_structure=&#8220;1_3,1_3,1_3&#8243; module_id=&#8220;Masinformacion&#8220; _builder_version=&#8220;4.20.4&#8243; _module_preset=&#8220;default&#8220; global_colors_info=&#8220;{}&#8220;][et_pb_column type=&#8220;1_3&#8243; _builder_version=&#8220;4.20.4&#8243; _module_preset=&#8220;default&#8220; global_colors_info=&#8220;{}&#8220;][et_pb_text _builder_version=&#8220;4.20.4&#8243; _module_preset=&#8220;default&#8220; header_3_font=&#8220;Inter|600|||||||&#8220; header_3_text_color=&#8220;#133D72&#8243; header_3_font_size=&#8220;24px&#8220; header_3_letter_spacing=&#8220;-0.5px&#8220; global_colors_info=&#8220;{}&#8220;]<\/p>\n<h3>Engagement der Generationen<\/h3>\n<p>[\/et_pb_text][et_pb_text _builder_version=&#8220;4.20.4&#8243; _module_preset=&#8220;default&#8220; text_font=&#8220;Inter|300|||||||&#8220; text_font_size=&#8220;18px&#8220; text_line_height=&#8220;1.3em&#8220; global_colors_info=&#8220;{}&#8220;]<\/p>\n<p>Heute f\u00fchrt die zweite Generation der Familie El\u00e9ctrica Establiments.<\/p>\n<p>Diese Tatsache schafft ein Vertrauen bei unseren Kunden, das es uns erm\u00f6glicht, seit vielen Jahren mit ihnen zusammenzuarbeiten.<\/p>\n<p>[\/et_pb_text][\/et_pb_column][et_pb_column type=&#8220;1_3&#8243; _builder_version=&#8220;4.20.4&#8243; _module_preset=&#8220;default&#8220; global_colors_info=&#8220;{}&#8220;][et_pb_text _builder_version=&#8220;4.23&#8243; _module_preset=&#8220;default&#8220; header_3_font=&#8220;Inter|600|||||||&#8220; header_3_text_color=&#8220;#133D72&#8243; header_3_font_size=&#8220;24px&#8220; header_3_letter_spacing=&#8220;-0.5px&#8220; global_colors_info=&#8220;{}&#8220;]<\/p>\n<h3>T\u00fcr-Automatisierung<\/h3>\n<p>[\/et_pb_text][et_pb_text _builder_version=&#8220;4.20.4&#8243; _module_preset=&#8220;default&#8220; text_font=&#8220;Inter|300|||||||&#8220; text_font_size=&#8220;18px&#8220; text_line_height=&#8220;1.3em&#8220; global_colors_info=&#8220;{}&#8220;]<\/p>\n<p>Neben unserer Kompetenz in der <strong>Elektroinstallation<\/strong> sind wir auch der Servicepartner f\u00fcr Metal Blinds. Wir bieten eine breite Palette von <strong>Automatisierungsdienstleistungen f\u00fcr Garagentore und Fu\u00dfg\u00e4ngert\u00fcren.<\/strong><\/p>\n<p>Wir passen uns der modernen Zeit an und bieten als KNX-Partner qualitativ hochwertige Dienstleistungen im Bereich der <strong>Hausautomation<\/strong> an.<\/p>\n<p>Wir sind auch Pioniere bei der Installation von elektrischen Anlagen mit erneuerbaren Energien und setzen uns f\u00fcr eine nachhaltige Zukunft ein.<\/p>\n<p>[\/et_pb_text][\/et_pb_column][et_pb_column type=&#8220;1_3&#8243; _builder_version=&#8220;4.20.4&#8243; _module_preset=&#8220;default&#8220; global_colors_info=&#8220;{}&#8220;][et_pb_text _builder_version=&#8220;4.20.4&#8243; _module_preset=&#8220;default&#8220; header_3_font=&#8220;Inter|600|||||||&#8220; header_3_text_color=&#8220;#133D72&#8243; header_3_font_size=&#8220;24px&#8220; header_3_letter_spacing=&#8220;-0.5px&#8220; global_colors_info=&#8220;{}&#8220;]<\/p>\n<h3>Integrale Beratung<\/h3>\n<p>[\/et_pb_text][et_pb_text _builder_version=&#8220;4.20.4&#8243; _module_preset=&#8220;default&#8220; text_font=&#8220;Inter|300|||||||&#8220; text_font_size=&#8220;18px&#8220; text_line_height=&#8220;1.3em&#8220; global_colors_info=&#8220;{}&#8220;]<\/p>\n<p>Bei <strong>El\u00e9ctrica Establiments<\/strong> sind wir nicht nur Experten f\u00fcr <strong>Elektroinstallationen<\/strong>.<\/p>\n<p>Wir k\u00f6nnen jede L\u00f6sung im Bereich <strong>erneuerbare<\/strong> <strong>Energien oder Stromvertr\u00e4ge anbieten.<\/strong><\/p>\n<p>[\/et_pb_text][\/et_pb_column][\/et_pb_row][\/et_pb_section][et_pb_section fb_built=&#8220;1&#8243; custom_padding_last_edited=&#8220;on|phone&#8220; _builder_version=&#8220;4.20.4&#8243; _module_preset=&#8220;default&#8220; background_enable_color=&#8220;off&#8220; background_image=&#8220;https:\/\/electricaestabliments.com\/wp-content\/uploads\/2023\/10\/Puede-una-casa-funcionar-solo-con-energia-solar.jpg&#8220; parallax=&#8220;on&#8220; background_blend=&#8220;multiply&#8220; custom_padding=&#8220;15vh||15vh||true|false&#8220; custom_padding_tablet=&#8220;20vh||20vh||true|false&#8220; custom_padding_phone=&#8220;15vh||15vh||true|false&#8220; global_colors_info=&#8220;{}&#8220;][et_pb_row _builder_version=&#8220;4.19.4&#8243; _module_preset=&#8220;default&#8220; width=&#8220;95%&#8220; locked=&#8220;off&#8220; collapsed=&#8220;on&#8220; global_colors_info=&#8220;{}&#8220;][et_pb_column type=&#8220;4_4&#8243; _builder_version=&#8220;4.20.4&#8243; _module_preset=&#8220;default&#8220; global_colors_info=&#8220;{}&#8220;][et_pb_text _builder_version=&#8220;4.20.4&#8243; _module_preset=&#8220;default&#8220; header_3_font=&#8220;Inter||||||||&#8220; header_3_text_color=&#8220;#FFFFFF&#8220; header_3_font_size=&#8220;14px&#8220; header_3_letter_spacing=&#8220;3px&#8220; custom_margin=&#8220;||10px||false|false&#8220; locked=&#8220;off&#8220; global_colors_info=&#8220;{}&#8220;]<\/p>\n<h3 style=\"text-align: center;\">ENTDECKEN SIE UNS<\/h3>\n<p>[\/et_pb_text][et_pb_text _builder_version=&#8220;4.23&#8243; text_font=&#8220;Sora|700|||||||&#8220; text_text_color=&#8220;#0d1742&#8243; text_font_size=&#8220;30px&#8220; text_letter_spacing=&#8220;-1px&#8220; text_line_height=&#8220;1em&#8220; header_2_font=&#8220;Inter||||||||&#8220; header_2_text_color=&#8220;#FFFFFF&#8220; header_2_font_size=&#8220;42px&#8220; header_3_font=&#8220;Varela|300|||||||&#8220; header_3_text_color=&#8220;#494948&#8243; header_3_font_size=&#8220;32px&#8220; text_orientation=&#8220;center&#8220; custom_margin=&#8220;-5px||||false|false&#8220; header_2_font_size_tablet=&#8220;32px&#8220; header_2_font_size_phone=&#8220;28px&#8220; header_2_font_size_last_edited=&#8220;on|tablet&#8220; global_colors_info=&#8220;{}&#8220;]<\/p>\n<h2 style=\"text-align: center;\">Ihr zuverl\u00e4ssiges Unternehmen f\u00fcr<br \/><strong>Elektroinstallationen auf Mallorca<\/strong><\/h2>\n<p>[\/et_pb_text][et_pb_button button_url=&#8220;https:\/\/electricaestabliments.com\/de\/kontakt\/&#8220; button_text=&#8220;Kontakt&#8220; button_alignment=&#8220;center&#8220; _builder_version=&#8220;4.20.4&#8243; _module_preset=&#8220;default&#8220; custom_button=&#8220;on&#8220; button_text_size=&#8220;16px&#8220; button_text_color=&#8220;#FFFFFF&#8220; button_bg_color=&#8220;#B83618&#8243; button_border_width=&#8220;0px&#8220; button_border_color=&#8220;#e02b20&#8243; button_border_radius=&#8220;50px&#8220; button_letter_spacing=&#8220;0px&#8220; button_font=&#8220;Inter|600|||||||&#8220; button_icon=&#8220;&#x26;||divi||400&#8243; button_on_hover=&#8220;off&#8220; custom_margin=&#8220;50px||0px||false|false&#8220; custom_padding=&#8220;18px|60px|18px|40px|true|false&#8220; animation_style=&#8220;slide&#8220; animation_direction=&#8220;bottom&#8220; animation_delay=&#8220;800ms&#8220; animation_intensity_slide=&#8220;26%&#8220; animation_speed_curve=&#8220;ease&#8220; button_text_size_tablet=&#8220;16px&#8220; button_text_size_phone=&#8220;15px&#8220; button_text_size_last_edited=&#8220;on|phone&#8220; locked=&#8220;off&#8220; global_colors_info=&#8220;{}&#8220; button_text_color__hover_enabled=&#8220;off|desktop&#8220; button_bg_color__hover_enabled=&#8220;on|desktop&#8220; button_bg_color__hover=&#8220;#133D72&#8243; button_bg_enable_color__hover=&#8220;on&#8220; button_border_color__hover_enabled=&#8220;on|hover&#8220; button_border_color__hover=&#8220;#133D72&#8243;][\/et_pb_button][\/et_pb_column][\/et_pb_row][\/et_pb_section][et_pb_section fb_built=&#8220;1&#8243; _builder_version=&#8220;4.20.4&#8243; _module_preset=&#8220;default&#8220; background_color=&#8220;#133D72&#8243; custom_margin=&#8220;0px||||false|false&#8220; custom_padding=&#8220;||20px||false|false&#8220; border_width_top=&#8220;0.5px&#8220; border_color_top=&#8220;#133D72&#8243; global_module=&#8220;1088&#8243; saved_tabs=&#8220;all&#8220; locked=&#8220;off&#8220; global_colors_info=&#8220;{}&#8220;][et_pb_row column_structure=&#8220;2_5,3_5&#8243; _builder_version=&#8220;4.20.4&#8243; _module_preset=&#8220;default&#8220; width=&#8220;90%&#8220; global_colors_info=&#8220;{}&#8220;][et_pb_column type=&#8220;2_5&#8243; _builder_version=&#8220;4.22.2&#8243; _module_preset=&#8220;default&#8220; global_colors_info=&#8220;{}&#8220;][et_pb_image src=&#8220;https:\/\/electricaestabliments.com\/wp-content\/uploads\/2023\/10\/Logotipo-ELECTRICA-NEgativo.png&#8220; alt=&#8220;Electrica Establiments&#8220; title_text=&#8220;Electrica Establiments&#8220; url=&#8220;https:\/\/electricaestabliments.com\/de\/&#8220; _builder_version=&#8220;4.20.4&#8243; _module_preset=&#8220;default&#8220; max_width=&#8220;80%&#8220; global_colors_info=&#8220;{}&#8220;][\/et_pb_image][\/et_pb_column][et_pb_column type=&#8220;3_5&#8243; _builder_version=&#8220;4.22.2&#8243; _module_preset=&#8220;default&#8220; global_colors_info=&#8220;{}&#8220;][et_pb_image src=&#8220;https:\/\/electricaestabliments.com\/wp-content\/uploads\/2023\/10\/logos-kit-digital-1.webp&#8220; alt=&#8220;Kit Digital 2023&#8243; title_text=&#8220;Kit Digital 2023&#8243; _builder_version=&#8220;4.20.4&#8243; _module_preset=&#8220;default&#8220; global_colors_info=&#8220;{}&#8220;][\/et_pb_image][\/et_pb_column][\/et_pb_row][et_pb_row column_structure=&#8220;1_5,1_5,1_5,1_5,1_5&#8243; _builder_version=&#8220;4.23&#8243; _module_preset=&#8220;default&#8220; width=&#8220;90%&#8220; global_colors_info=&#8220;{}&#8220;][et_pb_column type=&#8220;1_5&#8243; _builder_version=&#8220;4.22.2&#8243; _module_preset=&#8220;default&#8220; global_colors_info=&#8220;{}&#8220;][et_pb_text _builder_version=&#8220;4.20.4&#8243; _module_preset=&#8220;default&#8220; header_4_font=&#8220;IBM Plex Sans||||||||&#8220; header_4_text_color=&#8220;#FFFFFF&#8220; custom_margin=&#8220;||15px||false|false&#8220; global_colors_info=&#8220;{}&#8220;]<\/p>\n<h4><strong>Dienstleistungen<\/strong><\/h4>\n<p>[\/et_pb_text][et_pb_text _builder_version=&#8220;4.23&#8243; _module_preset=&#8220;default&#8220; link_font=&#8220;Inter||||||||&#8220; link_text_color=&#8220;#FFFFFF&#8220; link_font_size=&#8220;13px&#8220; global_colors_info=&#8220;{}&#8220; link_font_size__hover_enabled=&#8220;on|hover&#8220; link_text_color__hover_enabled=&#8220;on|desktop&#8220; link_text_color__hover=&#8220;#B83618&#8243; link_font_size__hover=&#8220;16px&#8220;]<\/p>\n<p><a href=\"https:\/\/electricaestabliments.com\/de\/dienstleistungen\/elektrische-installationen\/\">Elektrische Installationen<\/a><br \/><a href=\"https:\/\/electricaestabliments.com\/de\/dienstleistungen\/tuerautomation\/\">Automatisierung von T\u00fcren<\/a><br \/><a href=\"https:\/\/electricaestabliments.com\/de\/dienstleistungen\/erneuerbare-energien\/\">Erneuerbare Energien<\/a><br \/><a href=\"https:\/\/electricaestabliments.com\/de\/dienstleistungen\/knx\/\">KNX (Domotik)<\/a><br \/><a href=\"https:\/\/electricaestabliments.com\/de\/dienstleistungen\/telekommunikation\/\">Telekommunikation<\/a><br \/><a href=\"https:\/\/electricaestabliments.com\/de\/dienstleistungen\/bearbeitung-von-dokumenten\/\">Dokumentenverarbeitung<\/a><\/p>\n<p>[\/et_pb_text][\/et_pb_column][et_pb_column type=&#8220;1_5&#8243; _builder_version=&#8220;4.22.2&#8243; _module_preset=&#8220;default&#8220; global_colors_info=&#8220;{}&#8220;][et_pb_text _builder_version=&#8220;4.20.4&#8243; _module_preset=&#8220;default&#8220; header_4_font=&#8220;IBM Plex Sans||||||||&#8220; header_4_text_color=&#8220;#FFFFFF&#8220; custom_margin=&#8220;||15px||false|false&#8220; global_colors_info=&#8220;{}&#8220;]<\/p>\n<h4><strong>Schreiben Sie uns an<\/strong><\/h4>\n<p>[\/et_pb_text][et_pb_text _builder_version=&#8220;4.20.4&#8243; _module_preset=&#8220;default&#8220; link_font=&#8220;Inter||||||||&#8220; link_text_color=&#8220;#FFFFFF&#8220; link_font_size=&#8220;13px&#8220; global_colors_info=&#8220;{}&#8220; link_font_size__hover_enabled=&#8220;on|hover&#8220; link_text_color__hover_enabled=&#8220;on|hover&#8220; link_text_color__hover=&#8220;#B83618&#8243; link_font_size__hover=&#8220;13px&#8220;]<\/p>\n<p><a href=\"mailto:establi@electricaestabliments.com\">establi@electricaestabliments.com<\/a><br \/><a href=\"mailto:pedidos@electricaestabliments.com\">pedidos@electricaestabliments.com<\/a><\/p>\n<p>[\/et_pb_text][\/et_pb_column][et_pb_column type=&#8220;1_5&#8243; _builder_version=&#8220;4.22.2&#8243; _module_preset=&#8220;default&#8220; global_colors_info=&#8220;{}&#8220;][et_pb_text _builder_version=&#8220;4.20.4&#8243; _module_preset=&#8220;default&#8220; header_4_font=&#8220;IBM Plex Sans||||||||&#8220; header_4_text_color=&#8220;#FFFFFF&#8220; custom_margin=&#8220;||15px||false|false&#8220; global_colors_info=&#8220;{}&#8220;]<\/p>\n<h4><strong>Kontakt<\/strong><\/h4>\n<p>[\/et_pb_text][et_pb_blurb title=&#8220;L&#8217;infant Ferr\u00e1n 4, 07010, Palma&#8220; use_icon=&#8220;on&#8220; font_icon=&#8220;&#xf3c5;||fa||900&#8243; icon_color=&#8220;#FFFFFF&#8220; icon_placement=&#8220;left&#8220; image_icon_width=&#8220;16px&#8220; _builder_version=&#8220;4.23&#8243; _module_preset=&#8220;default&#8220; header_font=&#8220;IBM Plex Sans||||||||&#8220; header_text_color=&#8220;#FFFFFF&#8220; header_font_size=&#8220;13px&#8220; header_line_height=&#8220;1.1em&#8220; custom_margin=&#8220;||0px||false|false&#8220; global_colors_info=&#8220;{}&#8220;][\/et_pb_blurb][et_pb_blurb title=&#8220;656 85 72 62&#8243; url=&#8220;tel:+34656857262&#8243; use_icon=&#8220;on&#8220; font_icon=&#8220;&#xf232;||fa||400&#8243; icon_color=&#8220;#FFFFFF&#8220; icon_placement=&#8220;left&#8220; image_icon_width=&#8220;16px&#8220; _builder_version=&#8220;4.20.4&#8243; _module_preset=&#8220;default&#8220; header_font=&#8220;IBM Plex Sans||||||||&#8220; header_text_color=&#8220;#FFFFFF&#8220; header_font_size=&#8220;13px&#8220; custom_margin=&#8220;||0px||false|false&#8220; global_colors_info=&#8220;{}&#8220; header_text_color__hover_enabled=&#8220;on|hover&#8220; header_text_color__hover=&#8220;#B83618&#8243;][\/et_pb_blurb][et_pb_blurb title=&#8220;971 20 16 51&#8243; url=&#8220;tel:+34971201651&#8243; use_icon=&#8220;on&#8220; font_icon=&#8220;&#xe090;||divi||400&#8243; icon_color=&#8220;#FFFFFF&#8220; icon_placement=&#8220;left&#8220; image_icon_width=&#8220;16px&#8220; _builder_version=&#8220;4.20.4&#8243; _module_preset=&#8220;default&#8220; header_font=&#8220;IBM Plex Sans||||||||&#8220; header_text_color=&#8220;#FFFFFF&#8220; header_font_size=&#8220;13px&#8220; global_colors_info=&#8220;{}&#8220; header_text_color__hover_enabled=&#8220;on|hover&#8220; header_text_color__hover=&#8220;#B83618&#8243;][\/et_pb_blurb][\/et_pb_column][et_pb_column type=&#8220;1_5&#8243; _builder_version=&#8220;4.22.2&#8243; _module_preset=&#8220;default&#8220; global_colors_info=&#8220;{}&#8220;][et_pb_text _builder_version=&#8220;4.20.4&#8243; _module_preset=&#8220;default&#8220; header_4_font=&#8220;IBM Plex Sans||||||||&#8220; header_4_text_color=&#8220;#FFFFFF&#8220; custom_margin=&#8220;||15px||false|false&#8220; global_colors_info=&#8220;{}&#8220;]<\/p>\n<h4><strong>Folgen Sie uns unter<\/strong><\/h4>\n<p>[\/et_pb_text][et_pb_social_media_follow use_icon_font_size=&#8220;on&#8220; icon_font_size=&#8220;18px&#8220; _builder_version=&#8220;4.23&#8243; _module_preset=&#8220;default&#8220; custom_margin=&#8220;||10px||false|false&#8220; global_colors_info=&#8220;{}&#8220; background__hover_enabled=&#8220;on|hover&#8220; background_color__hover=&#8220;&#8220; background_enable_color__hover=&#8220;off&#8220;][et_pb_social_media_follow_network social_network=&#8220;instagram&#8220; url=&#8220;https:\/\/www.instagram.com\/electrica_establiments\/&#8220; _builder_version=&#8220;4.20.4&#8243; _module_preset=&#8220;default&#8220; background_enable_color=&#8220;off&#8220; border_radii=&#8220;on|50px|50px|50px|50px&#8220; border_width_all=&#8220;1px&#8220; border_color_all=&#8220;#FFFFFF&#8220; global_colors_info=&#8220;{}&#8220; icon_color__hover_enabled=&#8220;on|desktop&#8220; background__hover_enabled=&#8220;on|hover&#8220; background_color__hover=&#8220;#B83618&#8243; background_enable_color__hover=&#8220;on&#8220; follow_button=&#8220;off&#8220; url_new_window=&#8220;on&#8220;]instagram[\/et_pb_social_media_follow_network][\/et_pb_social_media_follow][\/et_pb_column][et_pb_column type=&#8220;1_5&#8243; _builder_version=&#8220;4.22.2&#8243; _module_preset=&#8220;default&#8220; global_colors_info=&#8220;{}&#8220;][et_pb_text _builder_version=&#8220;4.23&#8243; _module_preset=&#8220;default&#8220; header_4_font=&#8220;IBM Plex Sans||||||||&#8220; header_4_text_color=&#8220;#FFFFFF&#8220; custom_margin=&#8220;||15px||false|false&#8220; global_colors_info=&#8220;{}&#8220;]<\/p>\n<h4><strong>Partner<\/strong><\/h4>\n<p>[\/et_pb_text][dica_divi_carousel show_items_desktop=&#8220;1&#8243; show_items_tablet=&#8220;1&#8243; autoplay=&#8220;on&#8220; autoplay_speed=&#8220;4000&#8243; dot_nav=&#8220;on&#8220; dot_alignment=&#8220;left&#8220; item_spacing=&#8220;20&#8243; advanced_effect=&#8220;1&#8243; dots_active_color=&#8220;#B83618&#8243; align=&#8220;left&#8220; image_sizing=&#8220;50%&#8220; _builder_version=&#8220;4.23&#8243; _module_preset=&#8220;default&#8220; global_colors_info=&#8220;{}&#8220;][dica_divi_carouselitem button_url_new_window=&#8220;1&#8243; image=&#8220;https:\/\/electricaestabliments.com\/wp-content\/uploads\/2023\/11\/Logo_MetalBlinds.png&#8220; image_alt=&#8220;MetalBlinds&#8220; _builder_version=&#8220;4.23&#8243; _module_preset=&#8220;default&#8220; global_colors_info=&#8220;{}&#8220;][\/dica_divi_carouselitem][dica_divi_carouselitem button_url_new_window=&#8220;1&#8243; image=&#8220;https:\/\/electricaestabliments.com\/wp-content\/uploads\/2023\/11\/Logo_KNX_Partner.png&#8220; image_alt=&#8220;MetalBlinds&#8220; _builder_version=&#8220;4.23&#8243; _module_preset=&#8220;default&#8220; link_option_url=&#8220;https:\/\/www.knx.es\/es\/knx-partner-formacion.html&#8220; link_option_url_new_window=&#8220;on&#8220; global_colors_info=&#8220;{}&#8220;][\/dica_divi_carouselitem][dica_divi_carouselitem button_url_new_window=&#8220;1&#8243; image=&#8220;https:\/\/electricaestabliments.com\/wp-content\/uploads\/2023\/11\/Fenie_energia.png&#8220; image_alt=&#8220;MetalBlinds&#8220; _builder_version=&#8220;4.23&#8243; _module_preset=&#8220;default&#8220; link_option_url_new_window=&#8220;on&#8220; global_colors_info=&#8220;{}&#8220;][\/dica_divi_carouselitem][\/dica_divi_carousel][\/et_pb_column][\/et_pb_row][\/et_pb_section]<\/p>\n","protected":false},"excerpt":{"rendered":"<p>\u00dcBER UNSDie Bedeutung des Aufbaus starker Verbindungen im Bereich der Elektroinstallationen auf MallorcaUNSER UNTERNEHMENEl\u00e9ctrica Establiments ist ein Elektroinstallationsunternehmen.Wir sind ein Familienunternehmen, das sich mit elektrischen Niederspannungsinstallationen und T\u00fcrautomatik besch\u00e4ftigt.Das Unternehmen wurde 1995 gegr\u00fcndet und wird heute von der zweiten Generation gef\u00fchrt, dank des Vertrauens unserer Kunden, das bis heute anh\u00e4lt.Das gesamte Team von Electrica Establiments [&hellip;]<\/p>\n","protected":false},"author":1,"featured_media":0,"parent":0,"menu_order":0,"comment_status":"closed","ping_status":"closed","template":"","meta":{"_et_pb_use_builder":"on","_et_pb_old_content":"","_et_gb_content_width":"","footnotes":""},"class_list":["post-909","page","type-page","status-publish","hentry"],"yoast_head":"<!-- This site is optimized with the Yoast SEO plugin v25.1 - https:\/\/yoast.com\/wordpress\/plugins\/seo\/ -->\n<title>Elektroinstallationsunternehmen auf Mallorca<\/title>\n<meta name=\"description\" content=\"El\u00e9ctrica Establiments. Wir f\u00fchren Elektroinstallationen, Hausautomatisierung, Telekommunikation und erneuerbare Energien durch. Lernen Sie uns hier kennen!\" \/>\n<meta name=\"robots\" content=\"index, follow, max-snippet:-1, max-image-preview:large, max-video-preview:-1\" \/>\n<link rel=\"canonical\" href=\"https:\/\/electricaestabliments.com\/de\/wer-wir-sind\/\" \/>\n<meta property=\"og:locale\" content=\"de_DE\" \/>\n<meta property=\"og:type\" content=\"article\" \/>\n<meta property=\"og:title\" content=\"Elektroinstallationsunternehmen auf Mallorca\" \/>\n<meta property=\"og:description\" content=\"Elektrische Installationen. Wir f\u00fchren Elektroinstallationen, Hausautomatisierung, Telekommunikation und erneuerbare Energien durch. Lernen Sie uns hier kennen!\" \/>\n<meta property=\"og:url\" content=\"https:\/\/electricaestabliments.com\/de\/wer-wir-sind\/\" \/>\n<meta property=\"og:site_name\" content=\"Electrica Establiments\" \/>\n<meta property=\"article:modified_time\" content=\"2024-08-23T10:56:22+00:00\" \/>\n<meta name=\"twitter:card\" content=\"summary_large_image\" \/>\n<meta name=\"twitter:title\" content=\"Elektroinstallationsunternehmen auf Mallorca\" \/>\n<meta name=\"twitter:description\" content=\"Elektrische Installationen. Wir f\u00fchren Elektroinstallationen, Hausautomatisierung, Telekommunikation und erneuerbare Energien durch. Lernen Sie uns hier kennen!\" \/>\n<meta name=\"twitter:label1\" content=\"Gesch\u00e4tzte Lesezeit\" \/>\n\t<meta name=\"twitter:data1\" content=\"14\u00a0Minuten\" \/>\n<script type=\"application\/ld+json\" class=\"yoast-schema-graph\">{\"@context\":\"https:\/\/schema.org\",\"@graph\":[{\"@type\":\"WebPage\",\"@id\":\"https:\/\/electricaestabliments.com\/de\/wer-wir-sind\/\",\"url\":\"https:\/\/electricaestabliments.com\/de\/wer-wir-sind\/\",\"name\":\"Elektroinstallationsunternehmen auf Mallorca\",\"isPartOf\":{\"@id\":\"https:\/\/electricaestabliments.com\/de\/#website\"},\"datePublished\":\"2023-10-23T08:40:45+00:00\",\"dateModified\":\"2024-08-23T10:56:22+00:00\",\"description\":\"El\u00e9ctrica Establiments. Wir f\u00fchren Elektroinstallationen, Hausautomatisierung, Telekommunikation und erneuerbare Energien durch. Lernen Sie uns hier kennen!\",\"breadcrumb\":{\"@id\":\"https:\/\/electricaestabliments.com\/de\/wer-wir-sind\/#breadcrumb\"},\"inLanguage\":\"de\",\"potentialAction\":[{\"@type\":\"ReadAction\",\"target\":[\"https:\/\/electricaestabliments.com\/de\/wer-wir-sind\/\"]}]},{\"@type\":\"BreadcrumbList\",\"@id\":\"https:\/\/electricaestabliments.com\/de\/wer-wir-sind\/#breadcrumb\",\"itemListElement\":[{\"@type\":\"ListItem\",\"position\":1,\"name\":\"Portada\",\"item\":\"https:\/\/electricaestabliments.com\/de\/\"},{\"@type\":\"ListItem\",\"position\":2,\"name\":\"Wer wir sind\"}]},{\"@type\":\"WebSite\",\"@id\":\"https:\/\/electricaestabliments.com\/de\/#website\",\"url\":\"https:\/\/electricaestabliments.com\/de\/\",\"name\":\"Electrica Establiments\",\"description\":\"Servicio de instalaciones el\u00e9ctricas\",\"potentialAction\":[{\"@type\":\"SearchAction\",\"target\":{\"@type\":\"EntryPoint\",\"urlTemplate\":\"https:\/\/electricaestabliments.com\/de\/?s={search_term_string}\"},\"query-input\":{\"@type\":\"PropertyValueSpecification\",\"valueRequired\":true,\"valueName\":\"search_term_string\"}}],\"inLanguage\":\"de\"}]}<\/script>\n<!-- \/ Yoast SEO plugin. -->","yoast_head_json":{"title":"Elektroinstallationsunternehmen auf Mallorca","description":"El\u00e9ctrica Establiments. Wir f\u00fchren Elektroinstallationen, Hausautomatisierung, Telekommunikation und erneuerbare Energien durch. Lernen Sie uns hier kennen!","robots":{"index":"index","follow":"follow","max-snippet":"max-snippet:-1","max-image-preview":"max-image-preview:large","max-video-preview":"max-video-preview:-1"},"canonical":"https:\/\/electricaestabliments.com\/de\/wer-wir-sind\/","og_locale":"de_DE","og_type":"article","og_title":"Elektroinstallationsunternehmen auf Mallorca","og_description":"Elektrische Installationen. Wir f\u00fchren Elektroinstallationen, Hausautomatisierung, Telekommunikation und erneuerbare Energien durch. Lernen Sie uns hier kennen!","og_url":"https:\/\/electricaestabliments.com\/de\/wer-wir-sind\/","og_site_name":"Electrica Establiments","article_modified_time":"2024-08-23T10:56:22+00:00","twitter_card":"summary_large_image","twitter_title":"Elektroinstallationsunternehmen auf Mallorca","twitter_description":"Elektrische Installationen. Wir f\u00fchren Elektroinstallationen, Hausautomatisierung, Telekommunikation und erneuerbare Energien durch. Lernen Sie uns hier kennen!","twitter_misc":{"Gesch\u00e4tzte Lesezeit":"14\u00a0Minuten"},"schema":{"@context":"https:\/\/schema.org","@graph":[{"@type":"WebPage","@id":"https:\/\/electricaestabliments.com\/de\/wer-wir-sind\/","url":"https:\/\/electricaestabliments.com\/de\/wer-wir-sind\/","name":"Elektroinstallationsunternehmen auf Mallorca","isPartOf":{"@id":"https:\/\/electricaestabliments.com\/de\/#website"},"datePublished":"2023-10-23T08:40:45+00:00","dateModified":"2024-08-23T10:56:22+00:00","description":"El\u00e9ctrica Establiments. Wir f\u00fchren Elektroinstallationen, Hausautomatisierung, Telekommunikation und erneuerbare Energien durch. Lernen Sie uns hier kennen!","breadcrumb":{"@id":"https:\/\/electricaestabliments.com\/de\/wer-wir-sind\/#breadcrumb"},"inLanguage":"de","potentialAction":[{"@type":"ReadAction","target":["https:\/\/electricaestabliments.com\/de\/wer-wir-sind\/"]}]},{"@type":"BreadcrumbList","@id":"https:\/\/electricaestabliments.com\/de\/wer-wir-sind\/#breadcrumb","itemListElement":[{"@type":"ListItem","position":1,"name":"Portada","item":"https:\/\/electricaestabliments.com\/de\/"},{"@type":"ListItem","position":2,"name":"Wer wir sind"}]},{"@type":"WebSite","@id":"https:\/\/electricaestabliments.com\/de\/#website","url":"https:\/\/electricaestabliments.com\/de\/","name":"Electrica Establiments","description":"Servicio de instalaciones el\u00e9ctricas","potentialAction":[{"@type":"SearchAction","target":{"@type":"EntryPoint","urlTemplate":"https:\/\/electricaestabliments.com\/de\/?s={search_term_string}"},"query-input":{"@type":"PropertyValueSpecification","valueRequired":true,"valueName":"search_term_string"}}],"inLanguage":"de"}]}},"_links":{"self":[{"href":"https:\/\/electricaestabliments.com\/de\/wp-json\/wp\/v2\/pages\/909","targetHints":{"allow":["GET"]}}],"collection":[{"href":"https:\/\/electricaestabliments.com\/de\/wp-json\/wp\/v2\/pages"}],"about":[{"href":"https:\/\/electricaestabliments.com\/de\/wp-json\/wp\/v2\/types\/page"}],"author":[{"embeddable":true,"href":"https:\/\/electricaestabliments.com\/de\/wp-json\/wp\/v2\/users\/1"}],"replies":[{"embeddable":true,"href":"https:\/\/electricaestabliments.com\/de\/wp-json\/wp\/v2\/comments?post=909"}],"version-history":[{"count":4,"href":"https:\/\/electricaestabliments.com\/de\/wp-json\/wp\/v2\/pages\/909\/revisions"}],"predecessor-version":[{"id":1256,"href":"https:\/\/electricaestabliments.com\/de\/wp-json\/wp\/v2\/pages\/909\/revisions\/1256"}],"wp:attachment":[{"href":"https:\/\/electricaestabliments.com\/de\/wp-json\/wp\/v2\/media?parent=909"}],"curies":[{"name":"wp","href":"https:\/\/api.w.org\/{rel}","templated":true}]}}